{"id":2616,"date":"2019-11-01T12:20:36","date_gmt":"2019-11-01T12:20:36","guid":{"rendered":"https:\/\/imatex-plastics.be\/a-propos-de-nous\/historiek\/"},"modified":"2022-05-13T06:44:03","modified_gmt":"2022-05-13T06:44:03","slug":"historique","status":"publish","type":"page","link":"https:\/\/imatex-plastics.be\/fr\/a-propos-de-nous\/historique\/","title":{"rendered":"Historique"},"content":{"rendered":"<p>[et_pb_section fb_built=\u00a0\u00bb1&Prime; _builder_version=\u00a0\u00bb4.16&Prime; _module_preset=\u00a0\u00bbdefault\u00a0\u00bb custom_margin=\u00a0\u00bb0px||0px||false|false\u00a0\u00bb custom_padding=\u00a0\u00bb4px||4px||false|false\u00a0\u00bb global_colors_info=\u00a0\u00bb{}\u00a0\u00bb][et_pb_row _builder_version=\u00a0\u00bb4.16&Prime; _module_preset=\u00a0\u00bbdefault\u00a0\u00bb custom_margin=\u00a0\u00bb0px||0px||false|false\u00a0\u00bb custom_padding=\u00a0\u00bb20px||0px||false|false\u00a0\u00bb global_colors_info=\u00a0\u00bb{}\u00a0\u00bb][et_pb_column type=\u00a0\u00bb4_4&Prime; _builder_version=\u00a0\u00bb4.16&Prime; _module_preset=\u00a0\u00bbdefault\u00a0\u00bb global_colors_info=\u00a0\u00bb{}\u00a0\u00bb][et_pb_text disabled_on=\u00a0\u00bbon|off|off\u00a0\u00bb _builder_version=\u00a0\u00bb4.16&Prime; _module_preset=\u00a0\u00bbdefault\u00a0\u00bb header_text_color=\u00a0\u00bb#1f497d\u00a0\u00bb custom_margin=\u00a0\u00bb||7px||false|false\u00a0\u00bb global_colors_info=\u00a0\u00bb{}\u00a0\u00bb]<\/p>\n<h1 style=\"text-align: center;\">L&rsquo;histoire <strong>d&rsquo;Imatex<\/strong><\/h1>\n<p>[\/et_pb_text][\/et_pb_column][\/et_pb_row][\/et_pb_section][et_pb_section fb_built=\u00a0\u00bb1&Prime; admin_label=\u00a0\u00bbsection\u00a0\u00bb _builder_version=\u00a0\u00bb4.16&Prime; background_color=\u00a0\u00bbrgba(0,0,0,0)\u00a0\u00bb custom_margin=\u00a0\u00bb-2px|6vw|0px|6vw|false|true\u00a0\u00bb custom_margin_tablet=\u00a0\u00bb40px||||false|true\u00a0\u00bb custom_margin_phone=\u00a0\u00bb30px||||false|true\u00a0\u00bb custom_margin_last_edited=\u00a0\u00bbon|phone\u00a0\u00bb custom_padding=\u00a0\u00bb20px||40px||false|false\u00a0\u00bb global_colors_info=\u00a0\u00bb{}\u00a0\u00bb][et_pb_row column_structure=\u00a0\u00bb1_4,3_4&Prime; use_custom_gutter=\u00a0\u00bbon\u00a0\u00bb gutter_width=\u00a0\u00bb1&Prime; admin_label=\u00a0\u00bbrow\u00a0\u00bb _builder_version=\u00a0\u00bb4.16&Prime; background_size=\u00a0\u00bbinitial\u00a0\u00bb background_position=\u00a0\u00bbtop_left\u00a0\u00bb background_repeat=\u00a0\u00bbrepeat\u00a0\u00bb width=\u00a0\u00bb100%\u00a0\u00bb global_colors_info=\u00a0\u00bb{}\u00a0\u00bb][et_pb_column type=\u00a0\u00bb1_4&Prime; _builder_version=\u00a0\u00bb4.16&Prime; custom_padding=\u00a0\u00bb|||\u00a0\u00bb global_colors_info=\u00a0\u00bb{}\u00a0\u00bb custom_padding__hover=\u00a0\u00bb|||\u00a0\u00bb][et_pb_image src=\u00a0\u00bbhttps:\/\/imatex-plastics.be\/wp-content\/uploads\/2019\/11\/Imatex-Historiek-Histoire-History-1-1.jpg\u00a0\u00bb alt=\u00a0\u00bbImatex: Raphael Coosemans\u00a0\u00bb title_text=\u00a0\u00bbRaphael Coosemans\u00a0\u00bb align=\u00a0\u00bbright\u00a0\u00bb _builder_version=\u00a0\u00bb4.16&Prime; width=\u00a0\u00bb100%\u00a0\u00bb border_radii=\u00a0\u00bboff|100px|100px||100px\u00a0\u00bb border_radii_tablet=\u00a0\u00bboff|100px|100px||0px\u00a0\u00bb border_radii_phone=\u00a0\u00bboff|50px|50px||\u00a0\u00bb border_radii_last_edited=\u00a0\u00bbon|phone\u00a0\u00bb global_colors_info=\u00a0\u00bb{}\u00a0\u00bb][\/et_pb_image][\/et_pb_column][et_pb_column type=\u00a0\u00bb3_4&Prime; _builder_version=\u00a0\u00bb4.16&Prime; custom_padding=\u00a0\u00bb|||\u00a0\u00bb global_colors_info=\u00a0\u00bb{}\u00a0\u00bb custom_padding__hover=\u00a0\u00bb|||\u00a0\u00bb][et_pb_text _builder_version=\u00a0\u00bb4.16&Prime; text_text_color=\u00a0\u00bb#ffffff\u00a0\u00bb text_font_size=\u00a0\u00bb16px\u00a0\u00bb header_2_text_color=\u00a0\u00bb#ffffff\u00a0\u00bb header_2_font_size=\u00a0\u00bb16px\u00a0\u00bb background_color=\u00a0\u00bb#1f497d\u00a0\u00bb custom_margin=\u00a0\u00bb212px||11px||false|false\u00a0\u00bb custom_margin_tablet=\u00a0\u00bb0px||||false|false\u00a0\u00bb custom_margin_phone=\u00a0\u00bb\u00a0\u00bb custom_margin_last_edited=\u00a0\u00bbon|desktop\u00a0\u00bb custom_padding=\u00a0\u00bb100px|50px|100px|50px|true|true\u00a0\u00bb custom_padding_tablet=\u00a0\u00bb\u00a0\u00bb custom_padding_phone=\u00a0\u00bb100px||||false|false\u00a0\u00bb custom_padding_last_edited=\u00a0\u00bbon|desktop\u00a0\u00bb border_radii=\u00a0\u00bboff||100px|100px|100px\u00a0\u00bb border_radii_tablet=\u00a0\u00bboff||0px|100px|100px\u00a0\u00bb border_radii_phone=\u00a0\u00bboff|||50px|50px\u00a0\u00bb border_radii_last_edited=\u00a0\u00bbon|phone\u00a0\u00bb global_colors_info=\u00a0\u00bb{}\u00a0\u00bb]<\/p>\n<h3>1953: <a href=\"\/nl\/over-ons\/historiek\/\" title=\"Imatex Raphael Coosemans \">Raphael Coosemans <\/a><\/h3>\n<p>M. Rapha\u00ebl Coosemans d\u00e9marre une production artisanale de plateaux en acrylique pour les boucheries dans son garage \u00e0 Schoten. La demande pour ces produits augmente rapidement et sa gamme s\u2019\u00e9largit.<\/p>\n<p>[\/et_pb_text][et_pb_text _builder_version=\u00a0\u00bb4.16&Prime; text_text_color=\u00a0\u00bb#ffffff\u00a0\u00bb text_font_size=\u00a0\u00bb16px\u00a0\u00bb header_2_text_color=\u00a0\u00bb#ffffff\u00a0\u00bb header_2_font_size=\u00a0\u00bb16px\u00a0\u00bb background_color=\u00a0\u00bb#1f497d\u00a0\u00bb custom_margin=\u00a0\u00bb24px||11px||false|false\u00a0\u00bb custom_margin_tablet=\u00a0\u00bb0px||||false|false\u00a0\u00bb custom_margin_phone=\u00a0\u00bb\u00a0\u00bb custom_margin_last_edited=\u00a0\u00bbon|phone\u00a0\u00bb custom_padding=\u00a0\u00bb100px|50px|100px|50px|true|true\u00a0\u00bb custom_padding_tablet=\u00a0\u00bb\u00a0\u00bb custom_padding_phone=\u00a0\u00bb100px||||false|false\u00a0\u00bb custom_padding_last_edited=\u00a0\u00bbon|desktop\u00a0\u00bb border_radii=\u00a0\u00bboff||100px|100px|100px\u00a0\u00bb border_radii_tablet=\u00a0\u00bb\u00a0\u00bb border_radii_phone=\u00a0\u00bboff||50px|50px|50px\u00a0\u00bb border_radii_last_edited=\u00a0\u00bbon|phone\u00a0\u00bb global_colors_info=\u00a0\u00bb{}\u00a0\u00bb]<\/p>\n<h3>1970:<\/h3>\n<p>Ses deux fils, Jacques et Fernand, rejoignent la soci\u00e9t\u00e9 et d\u00e9m\u00e9nagent l&rsquo;atelier en 1973 dans la Sluizenstraat. Des investissements substantiels sont faits dans le parc de machines situ\u00e9 \u00e0 cet endroit, ce qui donne une nouvelle dimension aux activit\u00e9s. Le pliage, le cintrage, le fraisage, le collage, etc. sont maintenant possibles avec Imatex.<\/p>\n<p>[\/et_pb_text][\/et_pb_column][\/et_pb_row][et_pb_row column_structure=\u00a0\u00bb1_4,3_4&Prime; use_custom_gutter=\u00a0\u00bbon\u00a0\u00bb gutter_width=\u00a0\u00bb1&Prime; admin_label=\u00a0\u00bbrow\u00a0\u00bb _builder_version=\u00a0\u00bb4.16&Prime; background_size=\u00a0\u00bbinitial\u00a0\u00bb background_position=\u00a0\u00bbtop_left\u00a0\u00bb background_repeat=\u00a0\u00bbrepeat\u00a0\u00bb width=\u00a0\u00bb100%\u00a0\u00bb global_colors_info=\u00a0\u00bb{}\u00a0\u00bb][et_pb_column type=\u00a0\u00bb1_4&Prime; _builder_version=\u00a0\u00bb4.16&Prime; custom_padding=\u00a0\u00bb|||\u00a0\u00bb global_colors_info=\u00a0\u00bb{}\u00a0\u00bb custom_padding__hover=\u00a0\u00bb|||\u00a0\u00bb][et_pb_image src=\u00a0\u00bbhttps:\/\/imatex-plastics.be\/wp-content\/uploads\/2019\/11\/Imatex-Historiek-Histoire-History-2-1-scaled.jpg\u00a0\u00bb alt=\u00a0\u00bbImatex: Jacques Coosemans\u00a0\u00bb title_text=\u00a0\u00bbJacques Coosemans\u00a0\u00bb align=\u00a0\u00bbright\u00a0\u00bb _builder_version=\u00a0\u00bb4.16&Prime; width=\u00a0\u00bb100%\u00a0\u00bb border_radii=\u00a0\u00bboff|100px|100px||100px\u00a0\u00bb border_radii_tablet=\u00a0\u00bboff|100px|100px||0px\u00a0\u00bb border_radii_phone=\u00a0\u00bboff|50px|50px||\u00a0\u00bb border_radii_last_edited=\u00a0\u00bbon|phone\u00a0\u00bb global_colors_info=\u00a0\u00bb{}\u00a0\u00bb][\/et_pb_image][\/et_pb_column][et_pb_column type=\u00a0\u00bb3_4&Prime; _builder_version=\u00a0\u00bb4.16&Prime; custom_padding=\u00a0\u00bb|||\u00a0\u00bb global_colors_info=\u00a0\u00bb{}\u00a0\u00bb custom_padding__hover=\u00a0\u00bb|||\u00a0\u00bb][et_pb_text _builder_version=\u00a0\u00bb4.16&Prime; text_text_color=\u00a0\u00bb#ffffff\u00a0\u00bb text_font_size=\u00a0\u00bb16px\u00a0\u00bb header_2_text_color=\u00a0\u00bb#ffffff\u00a0\u00bb header_2_font_size=\u00a0\u00bb16px\u00a0\u00bb background_color=\u00a0\u00bb#1f497d\u00a0\u00bb custom_margin=\u00a0\u00bb212px||11px||false|false\u00a0\u00bb custom_margin_tablet=\u00a0\u00bb0px||||false|false\u00a0\u00bb custom_margin_phone=\u00a0\u00bb\u00a0\u00bb custom_margin_last_edited=\u00a0\u00bbon|desktop\u00a0\u00bb custom_padding=\u00a0\u00bb100px|50px|100px|50px|true|true\u00a0\u00bb custom_padding_tablet=\u00a0\u00bb\u00a0\u00bb custom_padding_phone=\u00a0\u00bb100px||||false|false\u00a0\u00bb custom_padding_last_edited=\u00a0\u00bbon|desktop\u00a0\u00bb border_radii=\u00a0\u00bboff||100px|100px|100px\u00a0\u00bb border_radii_tablet=\u00a0\u00bboff||0px|100px|100px\u00a0\u00bb border_radii_phone=\u00a0\u00bboff|||50px|50px\u00a0\u00bb border_radii_last_edited=\u00a0\u00bbon|phone\u00a0\u00bb global_colors_info=\u00a0\u00bb{}\u00a0\u00bb]<\/p>\n<h3>1978: <a href=\"\/nl\/over-ons\/historiek\/\" title=\"Imatex Jacques Coosemans\">Jacques Coosemans<\/a><\/h3>\n<p>\u00c0 la mort de Raphael Coosemans, Jacques et Fernand prennent la rel\u00e8ve et Imatex compte 17 employ\u00e9s. En 1981 et en 1983, l\u2019atelier existant s\u2019\u00e9tend sur une surface totale de 3 400 m\u00b2.<\/p>\n<p>Avec l&rsquo;arriv\u00e9e de Christophe Marchand en 1984, cousin de Jacques et Fernand, Imatex se concentre \u00e9galement sur le formage sous vide.<\/p>\n<p>Fernand quitte la soci\u00e9t\u00e9 en 1987.<\/p>\n<p>[\/et_pb_text][\/et_pb_column][\/et_pb_row][et_pb_row column_structure=\u00a0\u00bb1_4,3_4&Prime; use_custom_gutter=\u00a0\u00bbon\u00a0\u00bb gutter_width=\u00a0\u00bb1&Prime; admin_label=\u00a0\u00bbrow\u00a0\u00bb _builder_version=\u00a0\u00bb4.16&Prime; background_size=\u00a0\u00bbinitial\u00a0\u00bb background_position=\u00a0\u00bbtop_left\u00a0\u00bb background_repeat=\u00a0\u00bbrepeat\u00a0\u00bb width=\u00a0\u00bb100%\u00a0\u00bb global_colors_info=\u00a0\u00bb{}\u00a0\u00bb][et_pb_column type=\u00a0\u00bb1_4&Prime; _builder_version=\u00a0\u00bb4.16&Prime; custom_padding=\u00a0\u00bb|||\u00a0\u00bb global_colors_info=\u00a0\u00bb{}\u00a0\u00bb custom_padding__hover=\u00a0\u00bb|||\u00a0\u00bb][et_pb_image src=\u00a0\u00bbhttps:\/\/imatex-plastics.be\/wp-content\/uploads\/2019\/11\/Imatex-Historiek-Histoire-History-3.jpg\u00a0\u00bb alt=\u00a0\u00bbImatex: L&rsquo;assemblage du laser 5 axes en 1989.\u00a0\u00bb title_text=\u00a0\u00bbL&rsquo;assemblage du laser 5 axes en 1989.\u00a0\u00bb align=\u00a0\u00bbright\u00a0\u00bb _builder_version=\u00a0\u00bb4.16&Prime; width=\u00a0\u00bb100%\u00a0\u00bb border_radii=\u00a0\u00bboff|100px|100px||100px\u00a0\u00bb border_radii_tablet=\u00a0\u00bboff|100px|100px||0px\u00a0\u00bb border_radii_phone=\u00a0\u00bboff|50px|50px||\u00a0\u00bb border_radii_last_edited=\u00a0\u00bbon|phone\u00a0\u00bb global_colors_info=\u00a0\u00bb{}\u00a0\u00bb][\/et_pb_image][\/et_pb_column][et_pb_column type=\u00a0\u00bb3_4&Prime; _builder_version=\u00a0\u00bb4.16&Prime; custom_padding=\u00a0\u00bb|||\u00a0\u00bb global_colors_info=\u00a0\u00bb{}\u00a0\u00bb custom_padding__hover=\u00a0\u00bb|||\u00a0\u00bb][et_pb_text _builder_version=\u00a0\u00bb4.16&Prime; text_text_color=\u00a0\u00bb#ffffff\u00a0\u00bb text_font_size=\u00a0\u00bb16px\u00a0\u00bb header_2_text_color=\u00a0\u00bb#ffffff\u00a0\u00bb header_2_font_size=\u00a0\u00bb16px\u00a0\u00bb background_color=\u00a0\u00bb#1f497d\u00a0\u00bb custom_margin=\u00a0\u00bb131px||11px||false|false\u00a0\u00bb custom_margin_tablet=\u00a0\u00bb0px||||false|false\u00a0\u00bb custom_margin_phone=\u00a0\u00bb\u00a0\u00bb custom_margin_last_edited=\u00a0\u00bbon|desktop\u00a0\u00bb custom_padding=\u00a0\u00bb100px|50px|100px|50px|true|true\u00a0\u00bb custom_padding_tablet=\u00a0\u00bb\u00a0\u00bb custom_padding_phone=\u00a0\u00bb100px||||false|false\u00a0\u00bb custom_padding_last_edited=\u00a0\u00bbon|desktop\u00a0\u00bb border_radii=\u00a0\u00bboff||100px|100px|100px\u00a0\u00bb border_radii_tablet=\u00a0\u00bboff||0px|100px|100px\u00a0\u00bb border_radii_phone=\u00a0\u00bboff|||50px|50px\u00a0\u00bb border_radii_last_edited=\u00a0\u00bbon|phone\u00a0\u00bb global_colors_info=\u00a0\u00bb{}\u00a0\u00bb]<\/p>\n<h3>1989:\u00a0<a href=\"\/fr\/a-propos-de-nous\/historique\/\" title=\"L'assemblage du laser 5 axes en 1989.\">L&rsquo;assemblage du laser 5 axes en 1989.<\/a><\/h3>\n<p>Imatex, qui emploie 60 personnes, devient le leader du march\u00e9 au Benelux. Les machines \u00e0 commande CNC ont la cote et, en tant que leader au Benelux, Imatex investit dans une machine de d\u00e9coupe laser \u00e0 5 axes. Imatex se positionne ainsi par la suite comme une entreprise technologiquement innovante.<\/p>\n<p>[\/et_pb_text][\/et_pb_column][\/et_pb_row][et_pb_row column_structure=\u00a0\u00bb1_4,3_4&Prime; use_custom_gutter=\u00a0\u00bbon\u00a0\u00bb gutter_width=\u00a0\u00bb1&Prime; admin_label=\u00a0\u00bbrow\u00a0\u00bb _builder_version=\u00a0\u00bb4.16&Prime; background_size=\u00a0\u00bbinitial\u00a0\u00bb background_position=\u00a0\u00bbtop_left\u00a0\u00bb background_repeat=\u00a0\u00bbrepeat\u00a0\u00bb width=\u00a0\u00bb100%\u00a0\u00bb global_colors_info=\u00a0\u00bb{}\u00a0\u00bb][et_pb_column type=\u00a0\u00bb1_4&Prime; _builder_version=\u00a0\u00bb4.16&Prime; custom_padding=\u00a0\u00bb|||\u00a0\u00bb global_colors_info=\u00a0\u00bb{}\u00a0\u00bb custom_padding__hover=\u00a0\u00bb|||\u00a0\u00bb][et_pb_image src=\u00a0\u00bbhttps:\/\/imatex-plastics.be\/wp-content\/uploads\/2019\/11\/Imatex-Historiek-Histoire-History-4.jpg\u00a0\u00bb alt=\u00a0\u00bbImatex: Le personnel en 2001&Prime; title_text=\u00a0\u00bbLe personnel en 2001&Prime; align=\u00a0\u00bbright\u00a0\u00bb _builder_version=\u00a0\u00bb4.16&Prime; width=\u00a0\u00bb100%\u00a0\u00bb border_radii=\u00a0\u00bboff|100px|100px||100px\u00a0\u00bb border_radii_tablet=\u00a0\u00bboff|100px|100px||0px\u00a0\u00bb border_radii_phone=\u00a0\u00bboff|50px|50px||\u00a0\u00bb border_radii_last_edited=\u00a0\u00bbon|phone\u00a0\u00bb global_colors_info=\u00a0\u00bb{}\u00a0\u00bb][\/et_pb_image][\/et_pb_column][et_pb_column type=\u00a0\u00bb3_4&Prime; _builder_version=\u00a0\u00bb4.16&Prime; custom_padding=\u00a0\u00bb|||\u00a0\u00bb global_colors_info=\u00a0\u00bb{}\u00a0\u00bb custom_padding__hover=\u00a0\u00bb|||\u00a0\u00bb][et_pb_text _builder_version=\u00a0\u00bb4.16&Prime; text_text_color=\u00a0\u00bb#ffffff\u00a0\u00bb text_font_size=\u00a0\u00bb16px\u00a0\u00bb header_2_text_color=\u00a0\u00bb#ffffff\u00a0\u00bb header_2_font_size=\u00a0\u00bb16px\u00a0\u00bb background_color=\u00a0\u00bb#1f497d\u00a0\u00bb custom_margin=\u00a0\u00bb82px||11px||false|false\u00a0\u00bb custom_margin_tablet=\u00a0\u00bb0px||||false|false\u00a0\u00bb custom_margin_phone=\u00a0\u00bb\u00a0\u00bb custom_margin_last_edited=\u00a0\u00bbon|desktop\u00a0\u00bb custom_padding=\u00a0\u00bb100px|50px|100px|50px|true|true\u00a0\u00bb custom_padding_tablet=\u00a0\u00bb\u00a0\u00bb custom_padding_phone=\u00a0\u00bb100px||||false|false\u00a0\u00bb custom_padding_last_edited=\u00a0\u00bbon|desktop\u00a0\u00bb border_radii=\u00a0\u00bboff||100px|100px|100px\u00a0\u00bb border_radii_tablet=\u00a0\u00bboff||0px|100px|100px\u00a0\u00bb border_radii_phone=\u00a0\u00bboff|||50px|50px\u00a0\u00bb border_radii_last_edited=\u00a0\u00bbon|phone\u00a0\u00bb global_colors_info=\u00a0\u00bb{}\u00a0\u00bb]<\/p>\n<h3>1996: Le personnel en 2001<\/h3>\n<p>: La demande de formage sous vide continue d&rsquo;augmenter et de nouvelles machines sont achet\u00e9es et trouvent leur place dans un nouveau hall. La surface totale de l&rsquo;atelier est de 5 800 m\u00b2.<\/p>\n<p>[\/et_pb_text][\/et_pb_column][\/et_pb_row][et_pb_row column_structure=\u00a0\u00bb1_4,3_4&Prime; use_custom_gutter=\u00a0\u00bbon\u00a0\u00bb gutter_width=\u00a0\u00bb1&Prime; admin_label=\u00a0\u00bbrow\u00a0\u00bb _builder_version=\u00a0\u00bb4.16&Prime; background_size=\u00a0\u00bbinitial\u00a0\u00bb background_position=\u00a0\u00bbtop_left\u00a0\u00bb background_repeat=\u00a0\u00bbrepeat\u00a0\u00bb width=\u00a0\u00bb100%\u00a0\u00bb global_colors_info=\u00a0\u00bb{}\u00a0\u00bb][et_pb_column type=\u00a0\u00bb1_4&Prime; _builder_version=\u00a0\u00bb4.16&Prime; custom_padding=\u00a0\u00bb|||\u00a0\u00bb global_colors_info=\u00a0\u00bb{}\u00a0\u00bb custom_padding__hover=\u00a0\u00bb|||\u00a0\u00bb][et_pb_image src=\u00a0\u00bbhttps:\/\/imatex-plastics.be\/wp-content\/uploads\/2019\/11\/Imatex-Historiek-Histoire-History-5.jpg\u00a0\u00bb alt=\u00a0\u00bbImatex F\u00eate du personnel en 2005&Prime; title_text=\u00a0\u00bbImatex F\u00eate du personnel en 2005&Prime; align=\u00a0\u00bbright\u00a0\u00bb _builder_version=\u00a0\u00bb4.16&Prime; width=\u00a0\u00bb100%\u00a0\u00bb border_radii=\u00a0\u00bboff|100px|100px||100px\u00a0\u00bb border_radii_tablet=\u00a0\u00bboff|100px|100px||0px\u00a0\u00bb border_radii_phone=\u00a0\u00bboff|50px|50px||\u00a0\u00bb border_radii_last_edited=\u00a0\u00bbon|phone\u00a0\u00bb global_colors_info=\u00a0\u00bb{}\u00a0\u00bb][\/et_pb_image][\/et_pb_column][et_pb_column type=\u00a0\u00bb3_4&Prime; _builder_version=\u00a0\u00bb4.16&Prime; custom_padding=\u00a0\u00bb|||\u00a0\u00bb global_colors_info=\u00a0\u00bb{}\u00a0\u00bb custom_padding__hover=\u00a0\u00bb|||\u00a0\u00bb][et_pb_text _builder_version=\u00a0\u00bb4.17.3&Prime; text_text_color=\u00a0\u00bb#ffffff\u00a0\u00bb text_font_size=\u00a0\u00bb16px\u00a0\u00bb header_2_text_color=\u00a0\u00bb#ffffff\u00a0\u00bb header_2_font_size=\u00a0\u00bb16px\u00a0\u00bb background_color=\u00a0\u00bb#1f497d\u00a0\u00bb custom_margin=\u00a0\u00bb131px||11px||false|false\u00a0\u00bb custom_margin_tablet=\u00a0\u00bb0px||||false|false\u00a0\u00bb custom_margin_phone=\u00a0\u00bb\u00a0\u00bb custom_margin_last_edited=\u00a0\u00bbon|desktop\u00a0\u00bb custom_padding=\u00a0\u00bb100px|50px|100px|50px|true|true\u00a0\u00bb custom_padding_tablet=\u00a0\u00bb\u00a0\u00bb custom_padding_phone=\u00a0\u00bb100px||||false|false\u00a0\u00bb custom_padding_last_edited=\u00a0\u00bbon|desktop\u00a0\u00bb hover_enabled=\u00a0\u00bb0&Prime; border_radii=\u00a0\u00bboff||100px|100px|100px\u00a0\u00bb border_radii_tablet=\u00a0\u00bboff||0px|100px|100px\u00a0\u00bb border_radii_phone=\u00a0\u00bboff|||50px|50px\u00a0\u00bb border_radii_last_edited=\u00a0\u00bbon|phone\u00a0\u00bb global_colors_info=\u00a0\u00bb{}\u00a0\u00bb sticky_enabled=\u00a0\u00bb0&Prime;]<\/p>\n<h3>2005: Gilles fait son entr\u00e9e dans la soci\u00e9t\u00e9.<\/h3>\n<p>Gilles, le fils a\u00een\u00e9 de Jacques, entre dans l&rsquo;entreprise. Il est responsable du d\u00e9veloppement commercial.<\/p>\n<p>[\/et_pb_text][\/et_pb_column][\/et_pb_row][et_pb_row column_structure=\u00a0\u00bb1_4,3_4&Prime; use_custom_gutter=\u00a0\u00bbon\u00a0\u00bb gutter_width=\u00a0\u00bb1&Prime; admin_label=\u00a0\u00bbrow\u00a0\u00bb _builder_version=\u00a0\u00bb4.16&Prime; background_size=\u00a0\u00bbinitial\u00a0\u00bb background_position=\u00a0\u00bbtop_left\u00a0\u00bb background_repeat=\u00a0\u00bbrepeat\u00a0\u00bb width=\u00a0\u00bb100%\u00a0\u00bb global_colors_info=\u00a0\u00bb{}\u00a0\u00bb][et_pb_column type=\u00a0\u00bb1_4&Prime; _builder_version=\u00a0\u00bb4.16&Prime; custom_padding=\u00a0\u00bb|||\u00a0\u00bb global_colors_info=\u00a0\u00bb{}\u00a0\u00bb custom_padding__hover=\u00a0\u00bb|||\u00a0\u00bb][et_pb_image src=\u00a0\u00bbhttps:\/\/imatex-plastics.be\/wp-content\/uploads\/2019\/11\/Imatex-Historiek-Histoire-History-6.jpg\u00a0\u00bb alt=\u00a0\u00bb2007: CONSTRUCTION D&rsquo;UN NOUVEAU HALL DE PRODUCTION.\u00a0\u00bb title_text=\u00a0\u00bb2007: CONSTRUCTION D&rsquo;UN NOUVEAU HALL DE PRODUCTION.\u00a0\u00bb align=\u00a0\u00bbright\u00a0\u00bb _builder_version=\u00a0\u00bb4.16&Prime; width=\u00a0\u00bb100%\u00a0\u00bb border_radii=\u00a0\u00bboff|100px|100px||100px\u00a0\u00bb border_radii_tablet=\u00a0\u00bboff|100px|100px||0px\u00a0\u00bb border_radii_phone=\u00a0\u00bboff|50px|50px||\u00a0\u00bb border_radii_last_edited=\u00a0\u00bbon|phone\u00a0\u00bb global_colors_info=\u00a0\u00bb{}\u00a0\u00bb][\/et_pb_image][\/et_pb_column][et_pb_column type=\u00a0\u00bb3_4&Prime; _builder_version=\u00a0\u00bb4.16&Prime; custom_padding=\u00a0\u00bb|||\u00a0\u00bb global_colors_info=\u00a0\u00bb{}\u00a0\u00bb custom_padding__hover=\u00a0\u00bb|||\u00a0\u00bb][et_pb_text _builder_version=\u00a0\u00bb4.16&Prime; text_text_color=\u00a0\u00bb#ffffff\u00a0\u00bb text_font_size=\u00a0\u00bb16px\u00a0\u00bb header_2_text_color=\u00a0\u00bb#ffffff\u00a0\u00bb header_2_font_size=\u00a0\u00bb16px\u00a0\u00bb background_color=\u00a0\u00bb#1f497d\u00a0\u00bb custom_margin=\u00a0\u00bb131px||11px||false|false\u00a0\u00bb custom_margin_tablet=\u00a0\u00bb0px||||false|false\u00a0\u00bb custom_margin_phone=\u00a0\u00bb\u00a0\u00bb custom_margin_last_edited=\u00a0\u00bbon|desktop\u00a0\u00bb custom_padding=\u00a0\u00bb100px|50px|100px|50px|true|true\u00a0\u00bb custom_padding_tablet=\u00a0\u00bb\u00a0\u00bb custom_padding_phone=\u00a0\u00bb100px||||false|false\u00a0\u00bb custom_padding_last_edited=\u00a0\u00bbon|desktop\u00a0\u00bb border_radii=\u00a0\u00bboff||100px|100px|100px\u00a0\u00bb border_radii_tablet=\u00a0\u00bboff||0px|100px|100px\u00a0\u00bb border_radii_phone=\u00a0\u00bboff|||50px|50px\u00a0\u00bb border_radii_last_edited=\u00a0\u00bbon|phone\u00a0\u00bb global_colors_info=\u00a0\u00bb{}\u00a0\u00bb]<\/p>\n<h3>2007:\u00a0<a href=\"\/fr\/a-propos-de-nous\/historique\/\" title=\"Construction d'un nouveau hall de production.\">Construction d&rsquo;un nouveau hall de production.<\/a><\/h3>\n<p>Imatex continue de cro\u00eetre pendant toute la p\u00e9riode de crise et de l&rsquo;espace de stockage suppl\u00e9mentaire est ajout\u00e9. Gr\u00e2ce \u00e0 sa capacit\u00e9 de stockage accrue, Imatex r\u00e9pond intelligemment \u00e0 la demande de d\u00e9lais de livraison flexibles.<\/p>\n<p>[\/et_pb_text][et_pb_text _builder_version=\u00a0\u00bb4.16&Prime; text_text_color=\u00a0\u00bb#ffffff\u00a0\u00bb text_font_size=\u00a0\u00bb16px\u00a0\u00bb header_2_text_color=\u00a0\u00bb#ffffff\u00a0\u00bb header_2_font_size=\u00a0\u00bb16px\u00a0\u00bb background_color=\u00a0\u00bb#1f497d\u00a0\u00bb custom_margin=\u00a0\u00bb24px||11px||false|false\u00a0\u00bb custom_margin_tablet=\u00a0\u00bb0px||||false|false\u00a0\u00bb custom_margin_phone=\u00a0\u00bb\u00a0\u00bb custom_margin_last_edited=\u00a0\u00bbon|phone\u00a0\u00bb custom_padding=\u00a0\u00bb100px|50px|100px|50px|true|true\u00a0\u00bb custom_padding_tablet=\u00a0\u00bb\u00a0\u00bb custom_padding_phone=\u00a0\u00bb100px||||false|false\u00a0\u00bb custom_padding_last_edited=\u00a0\u00bbon|desktop\u00a0\u00bb border_radii=\u00a0\u00bboff||100px|100px|100px\u00a0\u00bb border_radii_tablet=\u00a0\u00bb\u00a0\u00bb border_radii_phone=\u00a0\u00bboff||50px|50px|50px\u00a0\u00bb border_radii_last_edited=\u00a0\u00bbon|phone\u00a0\u00bb global_colors_info=\u00a0\u00bb{}\u00a0\u00bb]<\/p>\n<h3>2010:\u00a0<a href=\"\/fr\/a-propos-de-nous\/historique\/\" title=\"Damien entre dans l'entreprise.\">Damien entre dans l&rsquo;entreprise.<\/a><\/h3>\n<p>Damien, le deuxi\u00e8me fils de Jacques, renforce l&rsquo;\u00e9quipe. Il se concentre sur le d\u00e9veloppement technique ult\u00e9rieur de la soci\u00e9t\u00e9.<\/p>\n<p>[\/et_pb_text][\/et_pb_column][\/et_pb_row][et_pb_row column_structure=\u00a0\u00bb1_4,3_4&Prime; use_custom_gutter=\u00a0\u00bbon\u00a0\u00bb gutter_width=\u00a0\u00bb1&Prime; admin_label=\u00a0\u00bbrow\u00a0\u00bb _builder_version=\u00a0\u00bb4.16&Prime; background_size=\u00a0\u00bbinitial\u00a0\u00bb background_position=\u00a0\u00bbtop_left\u00a0\u00bb background_repeat=\u00a0\u00bbrepeat\u00a0\u00bb width=\u00a0\u00bb100%\u00a0\u00bb global_colors_info=\u00a0\u00bb{}\u00a0\u00bb][et_pb_column type=\u00a0\u00bb1_4&Prime; _builder_version=\u00a0\u00bb4.16&Prime; custom_padding=\u00a0\u00bb|||\u00a0\u00bb global_colors_info=\u00a0\u00bb{}\u00a0\u00bb custom_padding__hover=\u00a0\u00bb|||\u00a0\u00bb][et_pb_image src=\u00a0\u00bbhttps:\/\/imatex-plastics.be\/wp-content\/uploads\/2019\/11\/Imatex-Historiek-Histoire-History-7.jpg\u00a0\u00bb alt=\u00a0\u00bbHet personeelsbestand van Imatex in 2013&Prime; title_text=\u00a0\u00bbHet personeelsbestand van Imatex in 2013&Prime; align=\u00a0\u00bbright\u00a0\u00bb _builder_version=\u00a0\u00bb4.16&Prime; width=\u00a0\u00bb100%\u00a0\u00bb border_radii=\u00a0\u00bboff|100px|100px||100px\u00a0\u00bb border_radii_tablet=\u00a0\u00bboff|100px|100px||0px\u00a0\u00bb border_radii_phone=\u00a0\u00bboff|50px|50px||\u00a0\u00bb border_radii_last_edited=\u00a0\u00bbon|phone\u00a0\u00bb global_colors_info=\u00a0\u00bb{}\u00a0\u00bb][\/et_pb_image][\/et_pb_column][et_pb_column type=\u00a0\u00bb3_4&Prime; _builder_version=\u00a0\u00bb4.16&Prime; custom_padding=\u00a0\u00bb|||\u00a0\u00bb global_colors_info=\u00a0\u00bb{}\u00a0\u00bb custom_padding__hover=\u00a0\u00bb|||\u00a0\u00bb][et_pb_text _builder_version=\u00a0\u00bb4.16&Prime; text_text_color=\u00a0\u00bb#ffffff\u00a0\u00bb text_font_size=\u00a0\u00bb16px\u00a0\u00bb header_2_text_color=\u00a0\u00bb#ffffff\u00a0\u00bb header_2_font_size=\u00a0\u00bb16px\u00a0\u00bb background_color=\u00a0\u00bb#1f497d\u00a0\u00bb custom_margin=\u00a0\u00bb93px||11px||false|false\u00a0\u00bb custom_margin_tablet=\u00a0\u00bb0px||||false|false\u00a0\u00bb custom_margin_phone=\u00a0\u00bb\u00a0\u00bb custom_margin_last_edited=\u00a0\u00bbon|desktop\u00a0\u00bb custom_padding=\u00a0\u00bb100px|50px|100px|50px|true|true\u00a0\u00bb custom_padding_tablet=\u00a0\u00bb\u00a0\u00bb custom_padding_phone=\u00a0\u00bb100px||||false|false\u00a0\u00bb custom_padding_last_edited=\u00a0\u00bbon|desktop\u00a0\u00bb border_radii=\u00a0\u00bboff||100px|100px|100px\u00a0\u00bb border_radii_tablet=\u00a0\u00bboff||0px|100px|100px\u00a0\u00bb border_radii_phone=\u00a0\u00bboff|||50px|50px\u00a0\u00bb border_radii_last_edited=\u00a0\u00bbon|phone\u00a0\u00bb global_colors_info=\u00a0\u00bb{}\u00a0\u00bb]<\/p>\n<h3>2013: <a href=\"\/nl\/over-ons\/historiek\/\" title=\"S\u00e9bastien entre \u00e0 Imatex\">S\u00e9bastien entre \u00e0 Imatex<\/a><\/h3>\n<p>Avec l&rsquo;arriv\u00e9e de S\u00e9bastien, fr\u00e8re cadet de Gilles et Damien, la direction actuelle est compl\u00e9t\u00e9e. Il g\u00e8re les aspects financiers et administratifs de l&rsquo;entreprise.<\/p>\n<p>Jacques laisse progressivement la gestion quotidienne \u00e0 la 3\u00e8me g\u00e9n\u00e9ration.<\/p>\n<p>[\/et_pb_text][et_pb_text _builder_version=\u00a0\u00bb4.16&Prime; text_text_color=\u00a0\u00bb#ffffff\u00a0\u00bb text_font_size=\u00a0\u00bb16px\u00a0\u00bb header_2_text_color=\u00a0\u00bb#ffffff\u00a0\u00bb header_2_font_size=\u00a0\u00bb16px\u00a0\u00bb background_color=\u00a0\u00bb#1f497d\u00a0\u00bb custom_margin=\u00a0\u00bb24px||11px||false|false\u00a0\u00bb custom_margin_tablet=\u00a0\u00bb0px||||false|false\u00a0\u00bb custom_margin_phone=\u00a0\u00bb\u00a0\u00bb custom_margin_last_edited=\u00a0\u00bbon|phone\u00a0\u00bb custom_padding=\u00a0\u00bb100px|50px|100px|50px|true|true\u00a0\u00bb custom_padding_tablet=\u00a0\u00bb\u00a0\u00bb custom_padding_phone=\u00a0\u00bb100px||||false|false\u00a0\u00bb custom_padding_last_edited=\u00a0\u00bbon|desktop\u00a0\u00bb border_radii=\u00a0\u00bboff||100px|100px|100px\u00a0\u00bb border_radii_tablet=\u00a0\u00bb\u00a0\u00bb border_radii_phone=\u00a0\u00bboff||50px|50px|50px\u00a0\u00bb border_radii_last_edited=\u00a0\u00bbon|phone\u00a0\u00bb global_colors_info=\u00a0\u00bb{}\u00a0\u00bb]<\/p>\n<h3>2017: <a href=\"\/nl\/over-ons\/historiek\/\" title=\"Imatex ach\u00e8te encore plus de machines de haute technologie\">Imatex ach\u00e8te encore plus de machines de haute technologie<\/a><\/h3>\n<p>Un plan d&rsquo;investissement complet pour la flotte de machines est d\u00e9ploy\u00e9. Plus de machines de haute technologie seront achet\u00e9es dans les ann\u00e9es \u00e0 venir.<\/p>\n<p>[\/et_pb_text][\/et_pb_column][\/et_pb_row][et_pb_row column_structure=\u00a0\u00bb1_4,3_4&Prime; use_custom_gutter=\u00a0\u00bbon\u00a0\u00bb gutter_width=\u00a0\u00bb1&Prime; admin_label=\u00a0\u00bbrow\u00a0\u00bb _builder_version=\u00a0\u00bb4.16&Prime; background_size=\u00a0\u00bbinitial\u00a0\u00bb background_position=\u00a0\u00bbtop_left\u00a0\u00bb background_repeat=\u00a0\u00bbrepeat\u00a0\u00bb width=\u00a0\u00bb100%\u00a0\u00bb global_colors_info=\u00a0\u00bb{}\u00a0\u00bb][et_pb_column type=\u00a0\u00bb1_4&Prime; _builder_version=\u00a0\u00bb4.16&Prime; custom_padding=\u00a0\u00bb|||\u00a0\u00bb global_colors_info=\u00a0\u00bb{}\u00a0\u00bb custom_padding__hover=\u00a0\u00bb|||\u00a0\u00bb][et_pb_image src=\u00a0\u00bbhttps:\/\/imatex-plastics.be\/wp-content\/uploads\/2019\/11\/Imatex-Historiek-Histoire-History-8.jpg\u00a0\u00bb alt=\u00a0\u00bbInvestissement dans l&rsquo;environnement en 2019&Prime; title_text=\u00a0\u00bbInvestissement dans l&rsquo;environnement en 2019&Prime; align=\u00a0\u00bbright\u00a0\u00bb _builder_version=\u00a0\u00bb4.16&Prime; width=\u00a0\u00bb100%\u00a0\u00bb border_radii=\u00a0\u00bboff|100px|100px||100px\u00a0\u00bb border_radii_tablet=\u00a0\u00bboff|100px|100px||0px\u00a0\u00bb border_radii_phone=\u00a0\u00bboff|50px|50px||\u00a0\u00bb border_radii_last_edited=\u00a0\u00bbon|phone\u00a0\u00bb global_colors_info=\u00a0\u00bb{}\u00a0\u00bb][\/et_pb_image][\/et_pb_column][et_pb_column type=\u00a0\u00bb3_4&Prime; _builder_version=\u00a0\u00bb4.16&Prime; custom_padding=\u00a0\u00bb|||\u00a0\u00bb global_colors_info=\u00a0\u00bb{}\u00a0\u00bb custom_padding__hover=\u00a0\u00bb|||\u00a0\u00bb][et_pb_text _builder_version=\u00a0\u00bb4.16&Prime; text_text_color=\u00a0\u00bb#ffffff\u00a0\u00bb text_font_size=\u00a0\u00bb16px\u00a0\u00bb header_2_text_color=\u00a0\u00bb#ffffff\u00a0\u00bb header_2_font_size=\u00a0\u00bb16px\u00a0\u00bb background_color=\u00a0\u00bb#1f497d\u00a0\u00bb custom_margin=\u00a0\u00bb125px||11px||false|false\u00a0\u00bb custom_margin_tablet=\u00a0\u00bb0px||||false|false\u00a0\u00bb custom_margin_phone=\u00a0\u00bb\u00a0\u00bb custom_margin_last_edited=\u00a0\u00bbon|desktop\u00a0\u00bb custom_padding=\u00a0\u00bb100px|50px|100px|50px|true|true\u00a0\u00bb custom_padding_tablet=\u00a0\u00bb\u00a0\u00bb custom_padding_phone=\u00a0\u00bb100px||||false|false\u00a0\u00bb custom_padding_last_edited=\u00a0\u00bbon|desktop\u00a0\u00bb border_radii=\u00a0\u00bboff||100px|100px|100px\u00a0\u00bb border_radii_tablet=\u00a0\u00bboff||0px|100px|100px\u00a0\u00bb border_radii_phone=\u00a0\u00bboff|||50px|50px\u00a0\u00bb border_radii_last_edited=\u00a0\u00bbon|phone\u00a0\u00bb global_colors_info=\u00a0\u00bb{}\u00a0\u00bb]<\/p>\n<h3>2019: <a href=\"\/fr\/a-propos-de-nous\/historique\/\" title=\"\u00c9conomie d'\u00e9nergie, optimisation et efficacit\u00e9 gr\u00e2ce \u00e0 Imatex\">\u00c9conomie d&rsquo;\u00e9nergie, optimisation et efficacit\u00e9 gr\u00e2ce \u00e0 Imatex<\/a><\/h3>\n<p>L&rsquo;accent est mis sur une politique environnementale active. L&rsquo;\u00e9conomie d&rsquo;\u00e9nergie, l&rsquo;optimisation et l&rsquo;efficacit\u00e9 deviennent des fers de lance dans la politique de l&rsquo;entreprise. Des investissements sont r\u00e9alis\u00e9s dans 4 000 m\u00b2 de panneaux solaires.<\/p>\n<p>Avec un nouveau hall de production, la surface construite est port\u00e9e \u00e0 9 600 m\u00b2.<\/p>\n<p>[\/et_pb_text][\/et_pb_column][\/et_pb_row][et_pb_row column_structure=\u00a0\u00bb1_4,3_4&Prime; use_custom_gutter=\u00a0\u00bbon\u00a0\u00bb gutter_width=\u00a0\u00bb1&Prime; admin_label=\u00a0\u00bbrow\u00a0\u00bb _builder_version=\u00a0\u00bb4.16&Prime; background_size=\u00a0\u00bbinitial\u00a0\u00bb background_position=\u00a0\u00bbtop_left\u00a0\u00bb background_repeat=\u00a0\u00bbrepeat\u00a0\u00bb width=\u00a0\u00bb100%\u00a0\u00bb global_colors_info=\u00a0\u00bb{}\u00a0\u00bb][et_pb_column type=\u00a0\u00bb1_4&Prime; _builder_version=\u00a0\u00bb4.16&Prime; custom_padding=\u00a0\u00bb|||\u00a0\u00bb global_colors_info=\u00a0\u00bb{}\u00a0\u00bb custom_padding__hover=\u00a0\u00bb|||\u00a0\u00bb][et_pb_image src=\u00a0\u00bbhttps:\/\/imatex-plastics.be\/wp-content\/uploads\/2019\/11\/Imatex-Historiek-Histoire-History-9.jpg\u00a0\u00bb alt=\u00a0\u00bbImatex Le personnel en 2019&Prime; title_text=\u00a0\u00bbImatex Le personnel en 2019&Prime; align=\u00a0\u00bbright\u00a0\u00bb _builder_version=\u00a0\u00bb4.16&Prime; width=\u00a0\u00bb100%\u00a0\u00bb border_radii=\u00a0\u00bboff|100px|100px||100px\u00a0\u00bb border_radii_tablet=\u00a0\u00bboff|100px|100px||0px\u00a0\u00bb border_radii_phone=\u00a0\u00bboff|50px|50px||\u00a0\u00bb border_radii_last_edited=\u00a0\u00bbon|phone\u00a0\u00bb global_colors_info=\u00a0\u00bb{}\u00a0\u00bb][\/et_pb_image][\/et_pb_column][et_pb_column type=\u00a0\u00bb3_4&Prime; _builder_version=\u00a0\u00bb4.16&Prime; custom_padding=\u00a0\u00bb|||\u00a0\u00bb global_colors_info=\u00a0\u00bb{}\u00a0\u00bb custom_padding__hover=\u00a0\u00bb|||\u00a0\u00bb][et_pb_text _builder_version=\u00a0\u00bb4.16&Prime; text_text_color=\u00a0\u00bb#ffffff\u00a0\u00bb text_font_size=\u00a0\u00bb16px\u00a0\u00bb header_2_text_color=\u00a0\u00bb#ffffff\u00a0\u00bb header_2_font_size=\u00a0\u00bb16px\u00a0\u00bb background_color=\u00a0\u00bb#1f497d\u00a0\u00bb custom_margin=\u00a0\u00bb125px||11px||false|false\u00a0\u00bb custom_margin_tablet=\u00a0\u00bb0px||||false|false\u00a0\u00bb custom_margin_phone=\u00a0\u00bb\u00a0\u00bb custom_margin_last_edited=\u00a0\u00bbon|desktop\u00a0\u00bb custom_padding=\u00a0\u00bb100px|50px|100px|50px|true|true\u00a0\u00bb custom_padding_tablet=\u00a0\u00bb\u00a0\u00bb custom_padding_phone=\u00a0\u00bb100px||||false|false\u00a0\u00bb custom_padding_last_edited=\u00a0\u00bbon|desktop\u00a0\u00bb border_radii=\u00a0\u00bboff||100px|100px|100px\u00a0\u00bb border_radii_tablet=\u00a0\u00bboff||0px|100px|100px\u00a0\u00bb border_radii_phone=\u00a0\u00bboff|||50px|50px\u00a0\u00bb border_radii_last_edited=\u00a0\u00bbon|phone\u00a0\u00bb global_colors_info=\u00a0\u00bb{}\u00a0\u00bb]<\/p>\n<h3>2019: <a href=\"\/fr\/a-propos-de-nous\/historique\/\" title=\"Le personnel en 2019\">Le personnel en 2019<\/a><\/h3>\n<p>[\/et_pb_text][\/et_pb_column][\/et_pb_row][\/et_pb_section]<\/p>\n","protected":false},"excerpt":{"rendered":"<p>L&rsquo;histoire d&rsquo;Imatex1953: Raphael Coosemans M. Rapha\u00ebl Coosemans d\u00e9marre une production artisanale de plateaux en acrylique pour les boucheries dans son garage \u00e0 Schoten. La demande pour ces produits augmente rapidement et sa gamme s\u2019\u00e9largit.1970: Ses deux fils, Jacques et Fernand, rejoignent la soci\u00e9t\u00e9 et d\u00e9m\u00e9nagent l&rsquo;atelier en 1973 dans la Sluizenstraat. Des investissements substantiels sont [&hellip;]<\/p>\n","protected":false},"author":1,"featured_media":0,"parent":2610,"menu_order":0,"comment_status":"closed","ping_status":"closed","template":"","meta":{"_et_pb_use_builder":"on","_et_pb_old_content":"<!-- wp:divi\/placeholder \/-->","_et_gb_content_width":"","footnotes":""},"class_list":["post-2616","page","type-page","status-publish","hentry"],"yoast_head":"<!-- This site is optimized with the Yoast SEO plugin v27.4 - https:\/\/yoast.com\/product\/yoast-seo-wordpress\/ -->\n<title>Historique - Imatex Plastics \u00e0 Schoten Anvers Belgique<\/title>\n<meta name=\"description\" content=\"Histoire d&#039;Imatex. 1953: M. Raphael Coosemans d\u00e9marre une production artisanale de barquettes en acrylique pour boucheries dans son garage \u00e0 Schoten.\" \/>\n<meta name=\"robots\" content=\"index, follow, max-snippet:-1, max-image-preview:large, max-video-preview:-1\" \/>\n<link rel=\"canonical\" href=\"https:\/\/imatex-plastics.be\/fr\/a-propos-de-nous\/historique\/\" \/>\n<meta property=\"og:locale\" content=\"fr_FR\" \/>\n<meta property=\"og:type\" content=\"article\" \/>\n<meta property=\"og:title\" content=\"Historique - Imatex Plastics \u00e0 Schoten Anvers Belgique\" \/>\n<meta property=\"og:description\" content=\"Histoire d&#039;Imatex. 1953: M. Raphael Coosemans d\u00e9marre une production artisanale de barquettes en acrylique pour boucheries dans son garage \u00e0 Schoten.\" \/>\n<meta property=\"og:url\" content=\"https:\/\/imatex-plastics.be\/fr\/a-propos-de-nous\/historique\/\" \/>\n<meta property=\"og:site_name\" content=\"Imatex Plastics\" \/>\n<meta property=\"article:publisher\" content=\"https:\/\/www.facebook.com\/imatexnv\/\" \/>\n<meta property=\"article:modified_time\" content=\"2022-05-13T06:44:03+00:00\" \/>\n<meta property=\"og:image\" content=\"https:\/\/i0.wp.com\/imatex-plastics.be\/wp-content\/uploads\/2019\/11\/Imatex-facebook.jpg?fit=1200%2C630&ssl=1\" \/>\n\t<meta property=\"og:image:width\" content=\"1200\" \/>\n\t<meta property=\"og:image:height\" content=\"630\" \/>\n\t<meta property=\"og:image:type\" content=\"image\/jpeg\" \/>\n<meta name=\"twitter:card\" content=\"summary_large_image\" \/>\n<meta name=\"twitter:label1\" content=\"Dur\u00e9e de lecture estim\u00e9e\" \/>\n\t<meta name=\"twitter:data1\" content=\"15 minutes\" \/>\n<script type=\"application\/ld+json\" class=\"yoast-schema-graph\">{\"@context\":\"https:\\\/\\\/schema.org\",\"@graph\":[{\"@type\":\"WebPage\",\"@id\":\"https:\\\/\\\/imatex-plastics.be\\\/fr\\\/a-propos-de-nous\\\/historique\\\/\",\"url\":\"https:\\\/\\\/imatex-plastics.be\\\/fr\\\/a-propos-de-nous\\\/historique\\\/\",\"name\":\"Historique - Imatex Plastics \u00e0 Schoten Anvers Belgique\",\"isPartOf\":{\"@id\":\"https:\\\/\\\/imatex-plastics.be\\\/fr\\\/#website\"},\"datePublished\":\"2019-11-01T12:20:36+00:00\",\"dateModified\":\"2022-05-13T06:44:03+00:00\",\"description\":\"Histoire d'Imatex. 1953: M. Raphael Coosemans d\u00e9marre une production artisanale de barquettes en acrylique pour boucheries dans son garage \u00e0 Schoten.\",\"breadcrumb\":{\"@id\":\"https:\\\/\\\/imatex-plastics.be\\\/fr\\\/a-propos-de-nous\\\/historique\\\/#breadcrumb\"},\"inLanguage\":\"fr-FR\",\"potentialAction\":[{\"@type\":\"ReadAction\",\"target\":[\"https:\\\/\\\/imatex-plastics.be\\\/fr\\\/a-propos-de-nous\\\/historique\\\/\"]}]},{\"@type\":\"BreadcrumbList\",\"@id\":\"https:\\\/\\\/imatex-plastics.be\\\/fr\\\/a-propos-de-nous\\\/historique\\\/#breadcrumb\",\"itemListElement\":[{\"@type\":\"ListItem\",\"position\":1,\"name\":\"Home\",\"item\":\"https:\\\/\\\/imatex-plastics.be\\\/fr\\\/\"},{\"@type\":\"ListItem\",\"position\":2,\"name\":\"\u00c0 PROPOS DE NOUS\",\"item\":\"https:\\\/\\\/imatex-plastics.be\\\/fr\\\/a-propos-de-nous\\\/\"},{\"@type\":\"ListItem\",\"position\":3,\"name\":\"Historique\"}]},{\"@type\":\"WebSite\",\"@id\":\"https:\\\/\\\/imatex-plastics.be\\\/fr\\\/#website\",\"url\":\"https:\\\/\\\/imatex-plastics.be\\\/fr\\\/\",\"name\":\"Imatex Plastics\",\"description\":\"Imatex, the partner for all your projects involving plastic. \",\"publisher\":{\"@id\":\"https:\\\/\\\/imatex-plastics.be\\\/fr\\\/#organization\"},\"potentialAction\":[{\"@type\":\"SearchAction\",\"target\":{\"@type\":\"EntryPoint\",\"urlTemplate\":\"https:\\\/\\\/imatex-plastics.be\\\/fr\\\/?s={search_term_string}\"},\"query-input\":{\"@type\":\"PropertyValueSpecification\",\"valueRequired\":true,\"valueName\":\"search_term_string\"}}],\"inLanguage\":\"fr-FR\"},{\"@type\":\"Organization\",\"@id\":\"https:\\\/\\\/imatex-plastics.be\\\/fr\\\/#organization\",\"name\":\"Imatex nv\",\"url\":\"https:\\\/\\\/imatex-plastics.be\\\/fr\\\/\",\"logo\":{\"@type\":\"ImageObject\",\"inLanguage\":\"fr-FR\",\"@id\":\"https:\\\/\\\/imatex-plastics.be\\\/fr\\\/#\\\/schema\\\/logo\\\/image\\\/\",\"url\":\"https:\\\/\\\/imatex-plastics.be\\\/wp-content\\\/uploads\\\/2019\\\/10\\\/imatex-plastics-logo-l.png\",\"contentUrl\":\"https:\\\/\\\/imatex-plastics.be\\\/wp-content\\\/uploads\\\/2019\\\/10\\\/imatex-plastics-logo-l.png\",\"width\":400,\"height\":90,\"caption\":\"Imatex nv\"},\"image\":{\"@id\":\"https:\\\/\\\/imatex-plastics.be\\\/fr\\\/#\\\/schema\\\/logo\\\/image\\\/\"},\"sameAs\":[\"https:\\\/\\\/www.facebook.com\\\/imatexnv\\\/\",\"https:\\\/\\\/www.linkedin.com\\\/company\\\/imatex-nv\\\/\"]}]}<\/script>\n<!-- \/ Yoast SEO plugin. -->","yoast_head_json":{"title":"Historique - Imatex Plastics \u00e0 Schoten Anvers Belgique","description":"Histoire d'Imatex. 1953: M. Raphael Coosemans d\u00e9marre une production artisanale de barquettes en acrylique pour boucheries dans son garage \u00e0 Schoten.","robots":{"index":"index","follow":"follow","max-snippet":"max-snippet:-1","max-image-preview":"max-image-preview:large","max-video-preview":"max-video-preview:-1"},"canonical":"https:\/\/imatex-plastics.be\/fr\/a-propos-de-nous\/historique\/","og_locale":"fr_FR","og_type":"article","og_title":"Historique - Imatex Plastics \u00e0 Schoten Anvers Belgique","og_description":"Histoire d'Imatex. 1953: M. Raphael Coosemans d\u00e9marre une production artisanale de barquettes en acrylique pour boucheries dans son garage \u00e0 Schoten.","og_url":"https:\/\/imatex-plastics.be\/fr\/a-propos-de-nous\/historique\/","og_site_name":"Imatex Plastics","article_publisher":"https:\/\/www.facebook.com\/imatexnv\/","article_modified_time":"2022-05-13T06:44:03+00:00","og_image":[{"width":1200,"height":630,"url":"https:\/\/i0.wp.com\/imatex-plastics.be\/wp-content\/uploads\/2019\/11\/Imatex-facebook.jpg?fit=1200%2C630&ssl=1","type":"image\/jpeg"}],"twitter_card":"summary_large_image","twitter_misc":{"Dur\u00e9e de lecture estim\u00e9e":"15 minutes"},"schema":{"@context":"https:\/\/schema.org","@graph":[{"@type":"WebPage","@id":"https:\/\/imatex-plastics.be\/fr\/a-propos-de-nous\/historique\/","url":"https:\/\/imatex-plastics.be\/fr\/a-propos-de-nous\/historique\/","name":"Historique - Imatex Plastics \u00e0 Schoten Anvers Belgique","isPartOf":{"@id":"https:\/\/imatex-plastics.be\/fr\/#website"},"datePublished":"2019-11-01T12:20:36+00:00","dateModified":"2022-05-13T06:44:03+00:00","description":"Histoire d'Imatex. 1953: M. Raphael Coosemans d\u00e9marre une production artisanale de barquettes en acrylique pour boucheries dans son garage \u00e0 Schoten.","breadcrumb":{"@id":"https:\/\/imatex-plastics.be\/fr\/a-propos-de-nous\/historique\/#breadcrumb"},"inLanguage":"fr-FR","potentialAction":[{"@type":"ReadAction","target":["https:\/\/imatex-plastics.be\/fr\/a-propos-de-nous\/historique\/"]}]},{"@type":"BreadcrumbList","@id":"https:\/\/imatex-plastics.be\/fr\/a-propos-de-nous\/historique\/#breadcrumb","itemListElement":[{"@type":"ListItem","position":1,"name":"Home","item":"https:\/\/imatex-plastics.be\/fr\/"},{"@type":"ListItem","position":2,"name":"\u00c0 PROPOS DE NOUS","item":"https:\/\/imatex-plastics.be\/fr\/a-propos-de-nous\/"},{"@type":"ListItem","position":3,"name":"Historique"}]},{"@type":"WebSite","@id":"https:\/\/imatex-plastics.be\/fr\/#website","url":"https:\/\/imatex-plastics.be\/fr\/","name":"Imatex Plastics","description":"Imatex, the partner for all your projects involving plastic. ","publisher":{"@id":"https:\/\/imatex-plastics.be\/fr\/#organization"},"potentialAction":[{"@type":"SearchAction","target":{"@type":"EntryPoint","urlTemplate":"https:\/\/imatex-plastics.be\/fr\/?s={search_term_string}"},"query-input":{"@type":"PropertyValueSpecification","valueRequired":true,"valueName":"search_term_string"}}],"inLanguage":"fr-FR"},{"@type":"Organization","@id":"https:\/\/imatex-plastics.be\/fr\/#organization","name":"Imatex nv","url":"https:\/\/imatex-plastics.be\/fr\/","logo":{"@type":"ImageObject","inLanguage":"fr-FR","@id":"https:\/\/imatex-plastics.be\/fr\/#\/schema\/logo\/image\/","url":"https:\/\/imatex-plastics.be\/wp-content\/uploads\/2019\/10\/imatex-plastics-logo-l.png","contentUrl":"https:\/\/imatex-plastics.be\/wp-content\/uploads\/2019\/10\/imatex-plastics-logo-l.png","width":400,"height":90,"caption":"Imatex nv"},"image":{"@id":"https:\/\/imatex-plastics.be\/fr\/#\/schema\/logo\/image\/"},"sameAs":["https:\/\/www.facebook.com\/imatexnv\/","https:\/\/www.linkedin.com\/company\/imatex-nv\/"]}]}},"jetpack_sharing_enabled":true,"_links":{"self":[{"href":"https:\/\/imatex-plastics.be\/fr\/wp-json\/wp\/v2\/pages\/2616","targetHints":{"allow":["GET"]}}],"collection":[{"href":"https:\/\/imatex-plastics.be\/fr\/wp-json\/wp\/v2\/pages"}],"about":[{"href":"https:\/\/imatex-plastics.be\/fr\/wp-json\/wp\/v2\/types\/page"}],"author":[{"embeddable":true,"href":"https:\/\/imatex-plastics.be\/fr\/wp-json\/wp\/v2\/users\/1"}],"replies":[{"embeddable":true,"href":"https:\/\/imatex-plastics.be\/fr\/wp-json\/wp\/v2\/comments?post=2616"}],"version-history":[{"count":1,"href":"https:\/\/imatex-plastics.be\/fr\/wp-json\/wp\/v2\/pages\/2616\/revisions"}],"predecessor-version":[{"id":5570,"href":"https:\/\/imatex-plastics.be\/fr\/wp-json\/wp\/v2\/pages\/2616\/revisions\/5570"}],"up":[{"embeddable":true,"href":"https:\/\/imatex-plastics.be\/fr\/wp-json\/wp\/v2\/pages\/2610"}],"wp:attachment":[{"href":"https:\/\/imatex-plastics.be\/fr\/wp-json\/wp\/v2\/media?parent=2616"}],"curies":[{"name":"wp","href":"https:\/\/api.w.org\/{rel}","templated":true}]}}